{"id":739,"date":"2017-04-18T19:33:01","date_gmt":"2017-04-18T18:33:01","guid":{"rendered":"http:\/\/localhost\/jacquesdechamplain\/notre-equipe\/"},"modified":"2022-09-16T16:51:12","modified_gmt":"2022-09-16T20:51:12","slug":"notre-equipe","status":"publish","type":"page","link":"https:\/\/www.jacquesdechamplain.com\/en\/foundation\/notre-equipe\/","title":{"rendered":"Our team"},"content":{"rendered":"<div id=\"pl-739\"  class=\"panel-layout\" ><div id=\"pg-739-0\"  class=\"panel-grid panel-has-style\" ><div class=\"section__team-members siteorigin-panels-stretch jdc-row-theme__white panel-row-style panel-row-style-for-739-0\" data-stretch-type=\"full\" ><div id=\"pgc-739-0-0\"  class=\"panel-grid-cell\" ><div id=\"panel-739-0-0-0\" class=\"so-panel widget widget_siteorigin-widget-pageheader panel-first-child\" data-index=\"0\" ><div\n\t\t\t\n\t\t\tclass=\"so-widget-siteorigin-widget-pageheader so-widget-siteorigin-widget-pageheader-default-d75171398898-739\"\n\t\t\t\n\t\t>\n\t<div class=\"page-header\">\n\t\t<h1>Board Members<\/h1>\n\t<\/div>\n\n<\/div><\/div><div id=\"panel-739-0-0-1\" class=\"so-panel widget widget_siteorigin-panels-postloop panel-last-child\" data-index=\"1\" ><div class=\"display-as-flex panel-widget-style panel-widget-style-for-739-0-0-1\" ><div class=\"team-member\" data-toggle=\"modal\" data-target=\"#team-member--modal__854\">\n    <div class=\"thumbnail team-member--thumbnail\">\n                        \n        <img decoding=\"async\" src=\"https:\/\/static.jacquesdechamplain.com\/app\/uploads\/2017\/03\/Franc%CC%A7ois-de-Champlain-scaled.jpg\" alt=\"\">\n\n        <div class=\"caption text-center\">\n            <h3>Dr. Fran\u00e7ois de Champlain<\/h3>\n            <p>President and Scientific Spokesperson<\/p>\n        <\/div>\n    <\/div>\n<\/div>\n\n<div class=\"modal fade team-member--modal\" id=\"team-member--modal__854\" tabindex=\"-1\" role=\"dialog\" aria-labelledby=\"team-member--modal__854--title\">\n    <div class=\"modal-dialog\" role=\"document\">\n        <div class=\"modal-content\">\n            <div class=\"modal-header\">\n                <button type=\"button\" class=\"close\" data-dismiss=\"modal\" aria-label=\"Close\">\n                    <i class=\"fa fa-times-circle-o\"><\/i>\n                <\/button>\n            <\/div>\n            <div class=\"modal-body\">\n                <div class=\"row\">\n                    <div class=\"col-sm-4\">\n                        <img decoding=\"async\" src=\"https:\/\/static.jacquesdechamplain.com\/app\/uploads\/2017\/03\/Franc%CC%A7ois-de-Champlain-scaled.jpg\" alt=\"\" class=\"img-circle img-responsive center-block\">\n                    <\/div>\n                    <div class=\"col-sm-8\">\n                        <h4 class=\"modal-title\" id=\"team-member--modal__854--title\">\n                            Dr. Fran\u00e7ois de Champlain                        <\/h4>\n\n                        <p><strong>BEng, MD, MM, FRCPC<\/strong><\/p>\n<p>Dr. Fran\u00e7ois de Champlain is one of Dr. Jacques de Champlain\u2019s sons. He has been the founding President of the Jacques de Champlain Foundation since 2009.<\/p>\n<p>Since 2003, Fran\u00e7ois has been working as an Emergency Physician and Trauma Team Leader at the McGill University Health Centre. He is a Clinical Associate Professor in the Department of Emergency Medicine at McGill University. He also completed the International Master&#8217;s for Health Leadership program at McGill University. Over the past 20 years, he acquired an expertise in prehospital care working in different roles in the medical direction of Urgences-sant\u00e9 for over 10 years and as a member of the committee on Emergency Medical Services for the <em>Coll\u00e8ge des m\u00e9decins du Qu\u00e9bec<\/em> for 14 years. He also has an expertise in organizing medial services for mass gatherings events, having served as the Medical Director for the Montreal Marathon from 2012-2018 and for the Montreal International Triathlon from 2016-2018 and for the Mont-Tremblant Ironman in 2018. He is also active in research in the field of prehospital care in particular out-of-hospital cardiac arrest and in trauma care.<\/p>\n\n                                                    <a href=\"https:\/\/www.linkedin.com\/in\/fran\u00e7ois-de-champlain-md-frcpc-2a6a611b\" class=\"btn btn-default\" target=\"_blank\" rel=\"noopener\">\n                                <i class=\"fa fa-linkedin\"><\/i> LinkedIn Profile                            <\/a>\n                                            <\/div>\n                <\/div>\n            <\/div>\n        <\/div>\n    <\/div>\n<\/div>\n<div class=\"team-member\" data-toggle=\"modal\" data-target=\"#team-member--modal__862\">\n    <div class=\"thumbnail team-member--thumbnail\">\n                        \n        <img decoding=\"async\" src=\"https:\/\/static.jacquesdechamplain.com\/app\/uploads\/2017\/04\/Wayne-Smith-1-scaled.jpg\" alt=\"\">\n\n        <div class=\"caption text-center\">\n            <h3>Wayne John Smith<\/h3>\n            <p>Vice President<\/p>\n        <\/div>\n    <\/div>\n<\/div>\n\n<div class=\"modal fade team-member--modal\" id=\"team-member--modal__862\" tabindex=\"-1\" role=\"dialog\" aria-labelledby=\"team-member--modal__862--title\">\n    <div class=\"modal-dialog\" role=\"document\">\n        <div class=\"modal-content\">\n            <div class=\"modal-header\">\n                <button type=\"button\" class=\"close\" data-dismiss=\"modal\" aria-label=\"Close\">\n                    <i class=\"fa fa-times-circle-o\"><\/i>\n                <\/button>\n            <\/div>\n            <div class=\"modal-body\">\n                <div class=\"row\">\n                    <div class=\"col-sm-4\">\n                        <img decoding=\"async\" src=\"https:\/\/static.jacquesdechamplain.com\/app\/uploads\/2017\/04\/Wayne-Smith-1-scaled.jpg\" alt=\"\" class=\"img-circle img-responsive center-block\">\n                    <\/div>\n                    <div class=\"col-sm-8\">\n                        <h4 class=\"modal-title\" id=\"team-member--modal__862--title\">\n                            Wayne John Smith                        <\/h4>\n\n                        <p><strong>MD<\/strong><\/p>\n<p>Dr Wayne Smith has been involved in emergency medicine and prehospital care since the early seventies. He has had the opportunity to direct two university Emergency Departments (McGill, Sherbrooke) as well as the Emergency Medical Services in the Eastern Townships. He was a contributor to two provincial reform reports in prehospital care (the Frechette and Ouellet Reports) and has been involved with the Jacques de Champlain Foundation since 2014.<\/p>\n\n                                            <\/div>\n                <\/div>\n            <\/div>\n        <\/div>\n    <\/div>\n<\/div>\n<div class=\"team-member\" data-toggle=\"modal\" data-target=\"#team-member--modal__3627\">\n    <div class=\"thumbnail team-member--thumbnail\">\n                        \n        <img decoding=\"async\" src=\"https:\/\/static.jacquesdechamplain.com\/app\/uploads\/2020\/12\/Yves-Sauve%CC%81-scaled.jpg\" alt=\"\">\n\n        <div class=\"caption text-center\">\n            <h3>Yves Sauv\u00e9<\/h3>\n            <p>Treasurer<\/p>\n        <\/div>\n    <\/div>\n<\/div>\n\n<div class=\"modal fade team-member--modal\" id=\"team-member--modal__3627\" tabindex=\"-1\" role=\"dialog\" aria-labelledby=\"team-member--modal__3627--title\">\n    <div class=\"modal-dialog\" role=\"document\">\n        <div class=\"modal-content\">\n            <div class=\"modal-header\">\n                <button type=\"button\" class=\"close\" data-dismiss=\"modal\" aria-label=\"Close\">\n                    <i class=\"fa fa-times-circle-o\"><\/i>\n                <\/button>\n            <\/div>\n            <div class=\"modal-body\">\n                <div class=\"row\">\n                    <div class=\"col-sm-4\">\n                        <img decoding=\"async\" src=\"https:\/\/static.jacquesdechamplain.com\/app\/uploads\/2020\/12\/Yves-Sauve%CC%81-scaled.jpg\" alt=\"\" class=\"img-circle img-responsive center-block\">\n                    <\/div>\n                    <div class=\"col-sm-8\">\n                        <h4 class=\"modal-title\" id=\"team-member--modal__3627--title\">\n                            Yves Sauv\u00e9                        <\/h4>\n\n                        <p>Yves has worked at the service of high-income investor families for over 30 years. In 2002, he took over his father&#8217;s responsibilities, applying the same devotion and rigor to his work as the former. He became a portfolio manager in 2008 and was a finalist for the &#8220;Gestionnaire de l&#8217;ann\u00e9e&#8221; title at 3 occasions in the last 10 years. In 2017, he was named Vice-President of the Financi\u00e8re Banque Nationale, gestion de Patrimoine Sauv\u00e9 Groupe Conseil.<\/p>\n<p>When he is not devoted to finance and wealth management, skiing and biking are his favourite leisures. Above all, spending quality time with family and friends is synonymous to happiness.<\/p>\n\n                                                    <a href=\"https:\/\/www.linkedin.com\/in\/yves-sauv\u00e9-66061739\" class=\"btn btn-default\" target=\"_blank\" rel=\"noopener\">\n                                <i class=\"fa fa-linkedin\"><\/i> LinkedIn Profile                            <\/a>\n                                            <\/div>\n                <\/div>\n            <\/div>\n        <\/div>\n    <\/div>\n<\/div>\n<div class=\"team-member\" data-toggle=\"modal\" data-target=\"#team-member--modal__3903\">\n    <div class=\"thumbnail team-member--thumbnail\">\n                        \n        <img decoding=\"async\" src=\"https:\/\/static.jacquesdechamplain.com\/app\/uploads\/2021\/10\/Nancy-Pelletier-scaled.jpg\" alt=\"\">\n\n        <div class=\"caption text-center\">\n            <h3>Nancy Pelletier<\/h3>\n            <p>Secretary<\/p>\n        <\/div>\n    <\/div>\n<\/div>\n\n<div class=\"modal fade team-member--modal\" id=\"team-member--modal__3903\" tabindex=\"-1\" role=\"dialog\" aria-labelledby=\"team-member--modal__3903--title\">\n    <div class=\"modal-dialog\" role=\"document\">\n        <div class=\"modal-content\">\n            <div class=\"modal-header\">\n                <button type=\"button\" class=\"close\" data-dismiss=\"modal\" aria-label=\"Close\">\n                    <i class=\"fa fa-times-circle-o\"><\/i>\n                <\/button>\n            <\/div>\n            <div class=\"modal-body\">\n                <div class=\"row\">\n                    <div class=\"col-sm-4\">\n                        <img decoding=\"async\" src=\"https:\/\/static.jacquesdechamplain.com\/app\/uploads\/2021\/10\/Nancy-Pelletier-scaled.jpg\" alt=\"\" class=\"img-circle img-responsive center-block\">\n                    <\/div>\n                    <div class=\"col-sm-8\">\n                        <h4 class=\"modal-title\" id=\"team-member--modal__3903--title\">\n                            Nancy Pelletier                        <\/h4>\n\n                        <p><strong>LL.B., LL.M.<\/strong><\/p>\n<p>A few years ago, Nancy witnessed a cardiac arrest during a sporting event. Since then, she became aware of the importance of accessibility to defibrillators in public places and decided to get involved in the Foundation.<\/p>\n<p>Nancy has been working as a senior legal advisor in a large financial institution for several years. She obtained a Civil Law Degree from Laval University and completed a Master&#8217;s Degree in Business Law from Universit\u00e9 de Montr\u00e9al in 2008.<\/p>\n\n                                            <\/div>\n                <\/div>\n            <\/div>\n        <\/div>\n    <\/div>\n<\/div>\n<div class=\"team-member\" data-toggle=\"modal\" data-target=\"#team-member--modal__2035\">\n    <div class=\"thumbnail team-member--thumbnail\">\n                        \n        <img decoding=\"async\" src=\"https:\/\/static.jacquesdechamplain.com\/app\/uploads\/2017\/10\/Olivier-Cle%CC%81roux-scaled.jpg\" alt=\"\">\n\n        <div class=\"caption text-center\">\n            <h3>Olivier Cl\u00e9roux<\/h3>\n            <p>Director<\/p>\n        <\/div>\n    <\/div>\n<\/div>\n\n<div class=\"modal fade team-member--modal\" id=\"team-member--modal__2035\" tabindex=\"-1\" role=\"dialog\" aria-labelledby=\"team-member--modal__2035--title\">\n    <div class=\"modal-dialog\" role=\"document\">\n        <div class=\"modal-content\">\n            <div class=\"modal-header\">\n                <button type=\"button\" class=\"close\" data-dismiss=\"modal\" aria-label=\"Close\">\n                    <i class=\"fa fa-times-circle-o\"><\/i>\n                <\/button>\n            <\/div>\n            <div class=\"modal-body\">\n                <div class=\"row\">\n                    <div class=\"col-sm-4\">\n                        <img decoding=\"async\" src=\"https:\/\/static.jacquesdechamplain.com\/app\/uploads\/2017\/10\/Olivier-Cle%CC%81roux-scaled.jpg\" alt=\"\" class=\"img-circle img-responsive center-block\">\n                    <\/div>\n                    <div class=\"col-sm-8\">\n                        <h4 class=\"modal-title\" id=\"team-member--modal__2035--title\">\n                            Olivier Cl\u00e9roux                        <\/h4>\n\n                        <p><strong>Eng., MBA<\/strong><\/p>\n<p>Olivier is an entrepreneur and the cofounder of eXolnet, a software engineering firm. Holder of an MBA, he is a software engineer and a sailing enthusiast. He has been indirectly involved with the Foundation through his company since 2012.<\/p>\n<p>Since his nomination on the Board in 2017, his role consists of aligning the digital strategy of the Foundation and the AED Project.<\/p>\n\n                                                    <a href=\"https:\/\/linkedin.com\/in\/oliviercleroux\/\" class=\"btn btn-default\" target=\"_blank\" rel=\"noopener\">\n                                <i class=\"fa fa-linkedin\"><\/i> LinkedIn Profile                            <\/a>\n                                            <\/div>\n                <\/div>\n            <\/div>\n        <\/div>\n    <\/div>\n<\/div>\n<div class=\"team-member\" data-toggle=\"modal\" data-target=\"#team-member--modal__3870\">\n    <div class=\"thumbnail team-member--thumbnail\">\n                        \n        <img decoding=\"async\" src=\"https:\/\/static.jacquesdechamplain.com\/app\/uploads\/2021\/06\/Laurent-Morisset-scaled.jpg\" alt=\"\">\n\n        <div class=\"caption text-center\">\n            <h3>Laurent Morisset<\/h3>\n            <p>Director<\/p>\n        <\/div>\n    <\/div>\n<\/div>\n\n<div class=\"modal fade team-member--modal\" id=\"team-member--modal__3870\" tabindex=\"-1\" role=\"dialog\" aria-labelledby=\"team-member--modal__3870--title\">\n    <div class=\"modal-dialog\" role=\"document\">\n        <div class=\"modal-content\">\n            <div class=\"modal-header\">\n                <button type=\"button\" class=\"close\" data-dismiss=\"modal\" aria-label=\"Close\">\n                    <i class=\"fa fa-times-circle-o\"><\/i>\n                <\/button>\n            <\/div>\n            <div class=\"modal-body\">\n                <div class=\"row\">\n                    <div class=\"col-sm-4\">\n                        <img decoding=\"async\" src=\"https:\/\/static.jacquesdechamplain.com\/app\/uploads\/2021\/06\/Laurent-Morisset-scaled.jpg\" alt=\"\" class=\"img-circle img-responsive center-block\">\n                    <\/div>\n                    <div class=\"col-sm-8\">\n                        <h4 class=\"modal-title\" id=\"team-member--modal__3870--title\">\n                            Laurent Morisset                        <\/h4>\n\n                        <p><strong>MBA<\/strong><\/p>\n<p>In 2018, Laurent survived an out-of-hospital cardiac arrest in part thanks to a defibrillator.<\/p>\n<p>Laurent counsels leaders and organizations (firms and non-profits) in the development and consolidation of their brand, strategic plan, governance and communications. He has been active in the communications marketing field for over twenty years during which he has acquired a solid reputation. He is a strategic advisor in most of his mandates, in addition to overseeing his own firm&#8217;s development and management.<\/p>\n<p>Laurent is a graduate in political science (international studies) from Universit\u00e9 de Montr\u00e9al, and in marketing management from HEC Montr\u00e9al. In 2018, he completed the McGill-HEC Montr\u00e9al Executive MBA program.<\/p>\n\n                                                    <a href=\"https:\/\/www.linkedin.com\/in\/laurentmorisset\" class=\"btn btn-default\" target=\"_blank\" rel=\"noopener\">\n                                <i class=\"fa fa-linkedin\"><\/i> LinkedIn Profile                            <\/a>\n                                            <\/div>\n                <\/div>\n            <\/div>\n        <\/div>\n    <\/div>\n<\/div>\n<\/div><\/div><\/div><\/div><\/div><div id=\"pg-739-1\"  class=\"panel-grid panel-has-style\" ><div class=\"section__team-members siteorigin-panels-stretch jdc-row-theme__white panel-row-style panel-row-style-for-739-1\" data-stretch-type=\"full\" ><div id=\"pgc-739-1-0\"  class=\"panel-grid-cell\" ><div id=\"panel-739-1-0-0\" class=\"so-panel widget widget_siteorigin-widget-pageheader panel-first-child\" data-index=\"2\" ><div\n\t\t\t\n\t\t\tclass=\"so-widget-siteorigin-widget-pageheader so-widget-siteorigin-widget-pageheader-default-d75171398898-3870\"\n\t\t\t\n\t\t>\n\t<div class=\"page-header\">\n\t\t<h1>Ambassadors<\/h1>\n\t<\/div>\n\n<\/div><\/div><div id=\"panel-739-1-0-1\" class=\"so-panel widget widget_siteorigin-panels-postloop panel-last-child\" data-index=\"3\" ><div class=\"display-as-flex panel-widget-style panel-widget-style-for-739-1-0-1\" ><div class=\"team-member\" data-toggle=\"modal\" data-target=\"#team-member--modal__3287\">\n    <div class=\"thumbnail team-member--thumbnail\">\n                        \n        <img decoding=\"async\" src=\"https:\/\/static.jacquesdechamplain.com\/app\/uploads\/2019\/11\/Unknown-e1574091995599.jpeg\" alt=\"\">\n\n        <div class=\"caption text-center\">\n            <h3>St\u00e9phane Demers<\/h3>\n            <p>Ambassador<\/p>\n        <\/div>\n    <\/div>\n<\/div>\n\n<div class=\"modal fade team-member--modal\" id=\"team-member--modal__3287\" tabindex=\"-1\" role=\"dialog\" aria-labelledby=\"team-member--modal__3287--title\">\n    <div class=\"modal-dialog\" role=\"document\">\n        <div class=\"modal-content\">\n            <div class=\"modal-header\">\n                <button type=\"button\" class=\"close\" data-dismiss=\"modal\" aria-label=\"Close\">\n                    <i class=\"fa fa-times-circle-o\"><\/i>\n                <\/button>\n            <\/div>\n            <div class=\"modal-body\">\n                <div class=\"row\">\n                    <div class=\"col-sm-4\">\n                        <img decoding=\"async\" src=\"https:\/\/static.jacquesdechamplain.com\/app\/uploads\/2019\/11\/Unknown-e1574091995599.jpeg\" alt=\"\" class=\"img-circle img-responsive center-block\">\n                    <\/div>\n                    <div class=\"col-sm-8\">\n                        <h4 class=\"modal-title\" id=\"team-member--modal__3287--title\">\n                            St\u00e9phane Demers                        <\/h4>\n\n                        <p>Back in September 2015, at age 46, St\u00e9phane Demers was running his first half marathon when he fell victim to a cardiac arrest at 50 meters from the finish line. He was resuscitated thanks to the rapid intervention of the medical team on site, who performed CPR and employed an AED in the very first minutes.<\/p>\n<p>Following cardiac surgery and rehabilitation, St\u00e9phane got back to running.<\/p>\n<p>&#8220;Physical activity is an integral part of my life. It is a way to liberate my stress. Running remains something positive for me. It is part of my life&#8221; said the cardiac arrest survivor, who completed his race the following year. He was accompanied by Dr Fran\u00e7ois de Champlain who symbolically wore an AED on his back while running in order to raise awareness on the importance of easy access to this easy-to-use and life-saving apparatus.<\/p>\n\n                                            <\/div>\n                <\/div>\n            <\/div>\n        <\/div>\n    <\/div>\n<\/div>\n<div class=\"team-member\" data-toggle=\"modal\" data-target=\"#team-member--modal__3288\">\n    <div class=\"thumbnail team-member--thumbnail\">\n                        \n        <img decoding=\"async\" src=\"https:\/\/static.jacquesdechamplain.com\/app\/uploads\/2019\/11\/Katrysha.png\" alt=\"\">\n\n        <div class=\"caption text-center\">\n            <h3>Katrysha Gellis<\/h3>\n            <p>Ambassador<\/p>\n        <\/div>\n    <\/div>\n<\/div>\n\n<div class=\"modal fade team-member--modal\" id=\"team-member--modal__3288\" tabindex=\"-1\" role=\"dialog\" aria-labelledby=\"team-member--modal__3288--title\">\n    <div class=\"modal-dialog\" role=\"document\">\n        <div class=\"modal-content\">\n            <div class=\"modal-header\">\n                <button type=\"button\" class=\"close\" data-dismiss=\"modal\" aria-label=\"Close\">\n                    <i class=\"fa fa-times-circle-o\"><\/i>\n                <\/button>\n            <\/div>\n            <div class=\"modal-body\">\n                <div class=\"row\">\n                    <div class=\"col-sm-4\">\n                        <img decoding=\"async\" src=\"https:\/\/static.jacquesdechamplain.com\/app\/uploads\/2019\/11\/Katrysha.png\" alt=\"\" class=\"img-circle img-responsive center-block\">\n                    <\/div>\n                    <div class=\"col-sm-8\">\n                        <h4 class=\"modal-title\" id=\"team-member--modal__3288--title\">\n                            Katrysha Gellis                        <\/h4>\n\n                        <p>&#8220;<span class=\"color_15\">Two weeks after my 30th birthday I collapsed at work due to sudden cardiac arrest. With no health issues, warning signs, or apparent reason\u00a0my heart simply stopped beating. Two of my colleagues, saved my life because they knew what to do in an emergency.\u00a0Without hesitation, one called 911 and the other started CPR immediately.<\/span><span class=\"wixGuard\">\u200b<\/span><\/p>\n<p class=\"font_9\"><span class=\"color_15\">The first responders, by sheer coincidence, happened to be a team of firemen who had finished a call nearby and arrived within minutes. Miracles are real and luck is nothing to scoff at.\u00a0Every moment was a matter of life or death and every decision was significant.\u00a0I was in the right place at the right time. But more importantly, my colleagues knew the life-saving measures to take that gave me another chance at life, and ultimately changed the course of it.&#8221;<\/span><\/p>\n\n                                            <\/div>\n                <\/div>\n            <\/div>\n        <\/div>\n    <\/div>\n<\/div>\n<div class=\"team-member\" data-toggle=\"modal\" data-target=\"#team-member--modal__3289\">\n    <div class=\"thumbnail team-member--thumbnail\">\n                        \n        <img decoding=\"async\" src=\"https:\/\/static.jacquesdechamplain.com\/app\/uploads\/2019\/11\/Didier-e1574254163884.png\" alt=\"\">\n\n        <div class=\"caption text-center\">\n            <h3>Didier Schraenen<\/h3>\n            <p>Ambassador<\/p>\n        <\/div>\n    <\/div>\n<\/div>\n\n<div class=\"modal fade team-member--modal\" id=\"team-member--modal__3289\" tabindex=\"-1\" role=\"dialog\" aria-labelledby=\"team-member--modal__3289--title\">\n    <div class=\"modal-dialog\" role=\"document\">\n        <div class=\"modal-content\">\n            <div class=\"modal-header\">\n                <button type=\"button\" class=\"close\" data-dismiss=\"modal\" aria-label=\"Close\">\n                    <i class=\"fa fa-times-circle-o\"><\/i>\n                <\/button>\n            <\/div>\n            <div class=\"modal-body\">\n                <div class=\"row\">\n                    <div class=\"col-sm-4\">\n                        <img decoding=\"async\" src=\"https:\/\/static.jacquesdechamplain.com\/app\/uploads\/2019\/11\/Didier-e1574254163884.png\" alt=\"\" class=\"img-circle img-responsive center-block\">\n                    <\/div>\n                    <div class=\"col-sm-8\">\n                        <h4 class=\"modal-title\" id=\"team-member--modal__3289--title\">\n                            Didier Schraenen                        <\/h4>\n\n                        <p>It will soon be 10 years since Didier Schraenen was victim of a cardiac arrest following a severe heart attack after a Formula 1600 event at the Gilles-Villeneuve race track. Alerted by his wife, firefighters and the medical team on site administered life-saving CPR and defibrillation with an AED.<\/p>\n<p>&#8220;I want to promote the free AED-Quebec app for all those who may benefit from its existence and to encourage AED owners to register their device. This is why I proudly display the Jacques-de Champlain&#8217;s colours on my race car. I won the most important race of my life!&#8221;<\/p>\n\n                                            <\/div>\n                <\/div>\n            <\/div>\n        <\/div>\n    <\/div>\n<\/div>\n<div class=\"team-member\" data-toggle=\"modal\" data-target=\"#team-member--modal__3911\">\n    <div class=\"thumbnail team-member--thumbnail\">\n                        \n        <img decoding=\"async\" src=\"https:\/\/static.jacquesdechamplain.com\/app\/uploads\/2021\/10\/Photo-S.Lortie.jpg\" alt=\"\">\n\n        <div class=\"caption text-center\">\n            <h3>Samuel Lortie<\/h3>\n            <p>Ambassador<\/p>\n        <\/div>\n    <\/div>\n<\/div>\n\n<div class=\"modal fade team-member--modal\" id=\"team-member--modal__3911\" tabindex=\"-1\" role=\"dialog\" aria-labelledby=\"team-member--modal__3911--title\">\n    <div class=\"modal-dialog\" role=\"document\">\n        <div class=\"modal-content\">\n            <div class=\"modal-header\">\n                <button type=\"button\" class=\"close\" data-dismiss=\"modal\" aria-label=\"Close\">\n                    <i class=\"fa fa-times-circle-o\"><\/i>\n                <\/button>\n            <\/div>\n            <div class=\"modal-body\">\n                <div class=\"row\">\n                    <div class=\"col-sm-4\">\n                        <img decoding=\"async\" src=\"https:\/\/static.jacquesdechamplain.com\/app\/uploads\/2021\/10\/Photo-S.Lortie.jpg\" alt=\"\" class=\"img-circle img-responsive center-block\">\n                    <\/div>\n                    <div class=\"col-sm-8\">\n                        <h4 class=\"modal-title\" id=\"team-member--modal__3911--title\">\n                            Samuel Lortie                        <\/h4>\n\n                        <p>A passionate runner since adolescence, Samuel suffered a cardiac arrest at age 24 during a routine morning jog. Fortunate to have been in the right place at the right time, two bystanders saved his life by quickly reacting and alerting first responders. He hopes his story helps exemplify the crucial impact of bystanders in these situations and therefore accepted with enthusiasm to join the Jacques de Champlain Foundation in order to promote this message and educate people on the importance of easy and quick access to defibrillators in public spaces. Due to his keen interest in aviation and spatial exploration, Samuel obtained his private pilot&#8217;s licence in 2017, a bachelor&#8217;s degree in aerospace engineering in 2019, and is currently completing a master&#8217;s degree in aerodynamics.<\/p>\n\n                                            <\/div>\n                <\/div>\n            <\/div>\n        <\/div>\n    <\/div>\n<\/div>\n<div class=\"team-member\" data-toggle=\"modal\" data-target=\"#team-member--modal__4163\">\n    <div class=\"thumbnail team-member--thumbnail\">\n                        \n        <img decoding=\"async\" src=\"https:\/\/static.jacquesdechamplain.com\/app\/uploads\/2022\/11\/Marion-1.jpeg\" alt=\"\">\n\n        <div class=\"caption text-center\">\n            <h3>Marion Artaud<\/h3>\n            <p>Ambassador<\/p>\n        <\/div>\n    <\/div>\n<\/div>\n\n<div class=\"modal fade team-member--modal\" id=\"team-member--modal__4163\" tabindex=\"-1\" role=\"dialog\" aria-labelledby=\"team-member--modal__4163--title\">\n    <div class=\"modal-dialog\" role=\"document\">\n        <div class=\"modal-content\">\n            <div class=\"modal-header\">\n                <button type=\"button\" class=\"close\" data-dismiss=\"modal\" aria-label=\"Close\">\n                    <i class=\"fa fa-times-circle-o\"><\/i>\n                <\/button>\n            <\/div>\n            <div class=\"modal-body\">\n                <div class=\"row\">\n                    <div class=\"col-sm-4\">\n                        <img decoding=\"async\" src=\"https:\/\/static.jacquesdechamplain.com\/app\/uploads\/2022\/11\/Marion-1.jpeg\" alt=\"\" class=\"img-circle img-responsive center-block\">\n                    <\/div>\n                    <div class=\"col-sm-8\">\n                        <h4 class=\"modal-title\" id=\"team-member--modal__4163--title\">\n                            Marion Artaud                        <\/h4>\n\n                        <p>&#8221; Having moved to Quebec in 2019, I currently work in Montr\u00e9al as a productions engineer. After practicing basketball, I started jogging with the objective of eventually running a half-marathon. In September 2022, as I as running my last kilometer in the Montreal half-marathon, I had a cardiac arrest despite feeling fine. I was very lucky to be at the right place, at the right time! I was surrounded by proactive runners and a competent medical team, that succeeded in resuscitating me quickly. They litteraly saved my life.  <\/p>\n<p>I am proud to become an ambassador for the Foundation and I hope that my story will help in democratizing knowledge on simple but indispensable resuscitation manoeuvres and in facilitating access to automated external defibrillators (AEDs).&#8221;<\/p>\n\n                                            <\/div>\n                <\/div>\n            <\/div>\n        <\/div>\n    <\/div>\n<\/div>\n<\/div><\/div><\/div><\/div><\/div><div id=\"pg-739-2\"  class=\"panel-grid panel-has-style\" ><div class=\"section__team-members siteorigin-panels-stretch jdc-row-theme__white panel-row-style panel-row-style-for-739-2\" data-stretch-type=\"full\" ><div id=\"pgc-739-2-0\"  class=\"panel-grid-cell\" ><div id=\"panel-739-2-0-0\" class=\"so-panel widget widget_siteorigin-widget-pageheader panel-first-child\" data-index=\"4\" ><div\n\t\t\t\n\t\t\tclass=\"so-widget-siteorigin-widget-pageheader so-widget-siteorigin-widget-pageheader-default-d75171398898-4163\"\n\t\t\t\n\t\t>\n\t<div class=\"page-header\">\n\t\t<h1>Collaborators<\/h1>\n\t<\/div>\n\n<\/div><\/div><div id=\"panel-739-2-0-1\" class=\"so-panel widget widget_siteorigin-panels-postloop panel-last-child\" data-index=\"5\" ><div class=\"display-as-flex panel-widget-style panel-widget-style-for-739-2-0-1\" ><div class=\"team-member\" data-toggle=\"modal\" data-target=\"#team-member--modal__6262\">\n    <div class=\"thumbnail team-member--thumbnail\">\n                        \n        <img decoding=\"async\" src=\"https:\/\/static.jacquesdechamplain.com\/app\/uploads\/2025\/08\/Photo-WY-1.jpg\" alt=\"\">\n\n        <div class=\"caption text-center\">\n            <h3>Wassila Yassine<\/h3>\n            <p>Managing Director<\/p>\n        <\/div>\n    <\/div>\n<\/div>\n\n<div class=\"modal fade team-member--modal\" id=\"team-member--modal__6262\" tabindex=\"-1\" role=\"dialog\" aria-labelledby=\"team-member--modal__6262--title\">\n    <div class=\"modal-dialog\" role=\"document\">\n        <div class=\"modal-content\">\n            <div class=\"modal-header\">\n                <button type=\"button\" class=\"close\" data-dismiss=\"modal\" aria-label=\"Close\">\n                    <i class=\"fa fa-times-circle-o\"><\/i>\n                <\/button>\n            <\/div>\n            <div class=\"modal-body\">\n                <div class=\"row\">\n                    <div class=\"col-sm-4\">\n                        <img decoding=\"async\" src=\"https:\/\/static.jacquesdechamplain.com\/app\/uploads\/2025\/08\/Photo-WY-1.jpg\" alt=\"\" class=\"img-circle img-responsive center-block\">\n                    <\/div>\n                    <div class=\"col-sm-8\">\n                        <h4 class=\"modal-title\" id=\"team-member--modal__6262--title\">\n                            Wassila Yassine                        <\/h4>\n\n                        <p data-start=\"0\" data-end=\"305\">Wassila joins the Jacques de Champlain Foundation with over 20 years of experience in the nonprofit sector. Her background in organizations dedicated to health, education, and community services reflects a deep commitment to social causes and a constant drive to build humane and sustainable environments.<\/p>\n<p data-start=\"307\" data-end=\"644\">She brings her expertise in outreach, partnerships, and fundraising to support the Foundation\u2019s visibility and impact. She actively contributes to making automated external defibrillators (AEDs) accessible throughout Quebec, convinced that each device installed can help save lives.<\/p>\n<p data-start=\"646\" data-end=\"851\" data-is-last-node=\"\" data-is-only-node=\"\">Driven by values of transparency, collaboration, compassion, and human impact, she works with the Foundation to build a safer, more united society that is better equipped to respond to cardiac emergencies.<\/p>\n\n                                            <\/div>\n                <\/div>\n            <\/div>\n        <\/div>\n    <\/div>\n<\/div>\n<div class=\"team-member\" data-toggle=\"modal\" data-target=\"#team-member--modal__7449\">\n    <div class=\"thumbnail team-member--thumbnail\">\n                        \n        <img decoding=\"async\" src=\"https:\/\/static.jacquesdechamplain.com\/app\/uploads\/2026\/01\/Fred.jpg\" alt=\"\">\n\n        <div class=\"caption text-center\">\n            <h3>Fr\u00e9d\u00e9rique Steenackers<\/h3>\n            <p>Philanthropic Development Consultant<\/p>\n        <\/div>\n    <\/div>\n<\/div>\n\n<div class=\"modal fade team-member--modal\" id=\"team-member--modal__7449\" tabindex=\"-1\" role=\"dialog\" aria-labelledby=\"team-member--modal__7449--title\">\n    <div class=\"modal-dialog\" role=\"document\">\n        <div class=\"modal-content\">\n            <div class=\"modal-header\">\n                <button type=\"button\" class=\"close\" data-dismiss=\"modal\" aria-label=\"Close\">\n                    <i class=\"fa fa-times-circle-o\"><\/i>\n                <\/button>\n            <\/div>\n            <div class=\"modal-body\">\n                <div class=\"row\">\n                    <div class=\"col-sm-4\">\n                        <img decoding=\"async\" src=\"https:\/\/static.jacquesdechamplain.com\/app\/uploads\/2026\/01\/Fred.jpg\" alt=\"\" class=\"img-circle img-responsive center-block\">\n                    <\/div>\n                    <div class=\"col-sm-8\">\n                        <h4 class=\"modal-title\" id=\"team-member--modal__7449--title\">\n                            Fr\u00e9d\u00e9rique Steenackers                        <\/h4>\n\n                        <p>Fr\u00e9d\u00e9rique is the mother of a 17-year-old who survived a cardiac arrest during a football practice, thanks to a rapid response and the use of a defibrillator. This life-changing experience profoundly strengthened her belief in the vital importance of making defibrillators accessible in public places and naturally led her to become involved with the Jacques-de Champlain Foundation.<\/p>\n<p>Trained as a lawyer, Fr\u00e9d\u00e9rique has been committed for over 25 years to causes close to her heart. Drawing on a career spanning the legal, management, and communications fields, she now brings her expertise to the field of philanthropy as a consultant.<\/p>\n\n                                            <\/div>\n                <\/div>\n            <\/div>\n        <\/div>\n    <\/div>\n<\/div>\n<div class=\"team-member\" data-toggle=\"modal\" data-target=\"#team-member--modal__879\">\n    <div class=\"thumbnail team-member--thumbnail\">\n                        \n        <img decoding=\"async\" src=\"https:\/\/static.jacquesdechamplain.com\/app\/uploads\/2017\/04\/Joel-Neves-Briard-scaled.jpg\" alt=\"\">\n\n        <div class=\"caption text-center\">\n            <h3>Joel Neves Briard<\/h3>\n            <p>Website Editor<\/p>\n        <\/div>\n    <\/div>\n<\/div>\n\n<div class=\"modal fade team-member--modal\" id=\"team-member--modal__879\" tabindex=\"-1\" role=\"dialog\" aria-labelledby=\"team-member--modal__879--title\">\n    <div class=\"modal-dialog\" role=\"document\">\n        <div class=\"modal-content\">\n            <div class=\"modal-header\">\n                <button type=\"button\" class=\"close\" data-dismiss=\"modal\" aria-label=\"Close\">\n                    <i class=\"fa fa-times-circle-o\"><\/i>\n                <\/button>\n            <\/div>\n            <div class=\"modal-body\">\n                <div class=\"row\">\n                    <div class=\"col-sm-4\">\n                        <img decoding=\"async\" src=\"https:\/\/static.jacquesdechamplain.com\/app\/uploads\/2017\/04\/Joel-Neves-Briard-scaled.jpg\" alt=\"\" class=\"img-circle img-responsive center-block\">\n                    <\/div>\n                    <div class=\"col-sm-8\">\n                        <h4 class=\"modal-title\" id=\"team-member--modal__879--title\">\n                            Joel Neves Briard                        <\/h4>\n\n                        <p><strong>MD, MSc, FRCPC<\/strong><\/p>\n<p>Dr. Joel Neves Briard is involved with the Foundation since 2014. Since he strongly believes in active bystanders&#8217; lifesaving role during out-of-hospital cardiac arrests, he is happy to contribute to the Foundation\u2019s mission, notably through social platforms, communications and as the AED Project&#8217;s first coordinator.<\/p>\n<p>Joel holds degrees in chemistry from McGill University and in medicine and epidemiology from Universit\u00e9 de Montr\u00e9al. He completed neurology residency and critical care medicine fellowship in the Universit\u00e9 de Montr\u00e9al teaching hospitals.<\/p>\n\n                                                    <a href=\"https:\/\/www.linkedin.com\/in\/jnevesbriard\/\" class=\"btn btn-default\" target=\"_blank\" rel=\"noopener\">\n                                <i class=\"fa fa-linkedin\"><\/i> LinkedIn Profile                            <\/a>\n                                            <\/div>\n                <\/div>\n            <\/div>\n        <\/div>\n    <\/div>\n<\/div>\n<\/div><\/div><\/div><\/div><\/div><div id=\"pg-739-3\"  class=\"panel-grid panel-has-style\" ><div class=\"section__team-members siteorigin-panels-stretch jdc-row-theme__white panel-row-style panel-row-style-for-739-3\" data-stretch-type=\"full\" ><div id=\"pgc-739-3-0\"  class=\"panel-grid-cell\" ><div id=\"panel-739-3-0-0\" class=\"so-panel widget widget_siteorigin-widget-pageheader panel-first-child\" data-index=\"6\" ><div\n\t\t\t\n\t\t\tclass=\"so-widget-siteorigin-widget-pageheader so-widget-siteorigin-widget-pageheader-default-d75171398898-879\"\n\t\t\t\n\t\t>\n\t<div class=\"page-header\">\n\t\t<h1>AED Project<\/h1>\n\t<\/div>\n\n<\/div><\/div><div id=\"panel-739-3-0-1\" class=\"so-panel widget widget_siteorigin-panels-postloop panel-last-child\" data-index=\"7\" ><div class=\"display-as-flex panel-widget-style panel-widget-style-for-739-3-0-1\" ><div class=\"team-member\" data-toggle=\"modal\" data-target=\"#team-member--modal__3792\">\n    <div class=\"thumbnail team-member--thumbnail\">\n                        \n        <img decoding=\"async\" src=\"https:\/\/static.jacquesdechamplain.com\/app\/uploads\/2021\/05\/Eddy-Afram-scaled.jpg\" alt=\"\">\n\n        <div class=\"caption text-center\">\n            <h3>Eddy Afram<\/h3>\n            <p>AED-Quebec Project Manager<\/p>\n        <\/div>\n    <\/div>\n<\/div>\n\n<div class=\"modal fade team-member--modal\" id=\"team-member--modal__3792\" tabindex=\"-1\" role=\"dialog\" aria-labelledby=\"team-member--modal__3792--title\">\n    <div class=\"modal-dialog\" role=\"document\">\n        <div class=\"modal-content\">\n            <div class=\"modal-header\">\n                <button type=\"button\" class=\"close\" data-dismiss=\"modal\" aria-label=\"Close\">\n                    <i class=\"fa fa-times-circle-o\"><\/i>\n                <\/button>\n            <\/div>\n            <div class=\"modal-body\">\n                <div class=\"row\">\n                    <div class=\"col-sm-4\">\n                        <img decoding=\"async\" src=\"https:\/\/static.jacquesdechamplain.com\/app\/uploads\/2021\/05\/Eddy-Afram-scaled.jpg\" alt=\"\" class=\"img-circle img-responsive center-block\">\n                    <\/div>\n                    <div class=\"col-sm-8\">\n                        <h4 class=\"modal-title\" id=\"team-member--modal__3792--title\">\n                            Eddy Afram                        <\/h4>\n\n                        <p>With over 17 years of experience in the prehospital field, Eddy Afram has been a medical management and emergency measures consultant as well as Co-Founder and CEO of Groupe Conseil Promutech. He was notably responsable for the medical team and emergency measure from 2012 to 2018 in this firm, which is recognized for its expertise in event management, such as the Montreal Marathon.<\/p>\n<p>Mr. Afram has also worked for the <em>Corporation d&#8217;urgences sant\u00e9<\/em>. Among the mandates he accomplished, he led the creation of a risk management system for special events and the development of an emergency measures and major events service. He has also represented Urgences-sant\u00e9 in novel partnerships involving prehospital intervention, prior to obtaining a mandate as a commander in the organization&#8217;s management. In 2018, he was intimately involved in the deployment of paramedics in the Montreal International Airport.<\/p>\n<p>Mr. Afram is currently a manager in public protection in the municipal sector. He also collaborates on diverse consultation roles in the fields of event planning, prehospital emergency service performance evaluation and management continuity. He is happy to contribute to the Foundation&#8217;s mission and to assist its leaders in their mandates. His wish it to eliminate the &#8220;chance&#8221; factor in &#8220;chances of survival&#8221;!<\/p>\n\n                                            <\/div>\n                <\/div>\n            <\/div>\n        <\/div>\n    <\/div>\n<\/div>\n<div class=\"team-member\" data-toggle=\"modal\" data-target=\"#team-member--modal__4445\">\n    <div class=\"thumbnail team-member--thumbnail\">\n                        \n        <img decoding=\"async\" src=\"https:\/\/static.jacquesdechamplain.com\/app\/uploads\/2023\/12\/Alexandre-David.jpeg\" alt=\"\">\n\n        <div class=\"caption text-center\">\n            <h3>Alexandre David<\/h3>\n            <p>Agent<\/p>\n        <\/div>\n    <\/div>\n<\/div>\n\n<div class=\"modal fade team-member--modal\" id=\"team-member--modal__4445\" tabindex=\"-1\" role=\"dialog\" aria-labelledby=\"team-member--modal__4445--title\">\n    <div class=\"modal-dialog\" role=\"document\">\n        <div class=\"modal-content\">\n            <div class=\"modal-header\">\n                <button type=\"button\" class=\"close\" data-dismiss=\"modal\" aria-label=\"Close\">\n                    <i class=\"fa fa-times-circle-o\"><\/i>\n                <\/button>\n            <\/div>\n            <div class=\"modal-body\">\n                <div class=\"row\">\n                    <div class=\"col-sm-4\">\n                        <img decoding=\"async\" src=\"https:\/\/static.jacquesdechamplain.com\/app\/uploads\/2023\/12\/Alexandre-David.jpeg\" alt=\"\" class=\"img-circle img-responsive center-block\">\n                    <\/div>\n                    <div class=\"col-sm-8\">\n                        <h4 class=\"modal-title\" id=\"team-member--modal__4445--title\">\n                            Alexandre David                        <\/h4>\n\n                        <p>Equipped with vast experience in both sales and customer service, Alexandre is honoured to contribue to the crucial mission of facilitating access to automated external defibrillators (AEDs) in public spaces. The Foundation&#8217;s innovative vision, rooted in emergency cardiac care and research, are in sync with his desire to contribue to public health.<\/p>\n\n                                            <\/div>\n                <\/div>\n            <\/div>\n        <\/div>\n    <\/div>\n<\/div>\n<\/div><\/div><\/div><\/div><\/div><\/div>","protected":false},"excerpt":{"rendered":"<p>Board Members Dr. Fran\u00e7ois de Champlain President and Scientific Spokesperson Dr. Fran\u00e7ois de Champlain BEng, MD, MM, FRCPC Dr. Fran\u00e7ois de Champlain is one of Dr. Jacques de Champlain\u2019s sons. He has been the founding President of the Jacques de Champlain Foundation since 2009. Since 2003, Fran\u00e7ois has been working as an Emergency Physician and &hellip; <a href=\"https:\/\/www.jacquesdechamplain.com\/en\/foundation\/notre-equipe\/\">Continued<\/a><\/p>\n","protected":false},"author":1,"featured_media":0,"parent":745,"menu_order":3,"comment_status":"closed","ping_status":"closed","template":"templates\/template-page.php","meta":{"_acf_changed":false,"footnotes":""},"class_list":["post-739","page","type-page","status-publish","hentry"],"acf":[],"yoast_head":"<!-- This site is optimized with the Yoast SEO plugin v23.8 - https:\/\/yoast.com\/wordpress\/plugins\/seo\/ -->\n<title>Our team - Fondation Jacques-de Champlain<\/title>\n<meta name=\"robots\" content=\"index, follow, max-snippet:-1, max-image-preview:large, max-video-preview:-1\" \/>\n<link rel=\"canonical\" href=\"https:\/\/www.jacquesdechamplain.com\/en\/foundation\/notre-equipe\/\" \/>\n<meta property=\"og:locale\" content=\"en_US\" \/>\n<meta property=\"og:type\" content=\"article\" \/>\n<meta property=\"og:title\" content=\"Our team - Fondation Jacques-de Champlain\" \/>\n<meta property=\"og:description\" content=\"Board Members Dr. Fran\u00e7ois de Champlain President and Scientific Spokesperson Dr. Fran\u00e7ois de Champlain BEng, MD, MM, FRCPC Dr. Fran\u00e7ois de Champlain is one of Dr. Jacques de Champlain\u2019s sons. He has been the founding President of the Jacques de Champlain Foundation since 2009. Since 2003, Fran\u00e7ois has been working as an Emergency Physician and &hellip; Continued\" \/>\n<meta property=\"og:url\" content=\"https:\/\/www.jacquesdechamplain.com\/en\/foundation\/notre-equipe\/\" \/>\n<meta property=\"og:site_name\" content=\"Fondation Jacques-de Champlain\" \/>\n<meta property=\"article:modified_time\" content=\"2022-09-16T20:51:12+00:00\" \/>\n<meta name=\"twitter:card\" content=\"summary_large_image\" \/>\n<script type=\"application\/ld+json\" class=\"yoast-schema-graph\">{\"@context\":\"https:\/\/schema.org\",\"@graph\":[{\"@type\":\"WebPage\",\"@id\":\"https:\/\/www.jacquesdechamplain.com\/en\/foundation\/notre-equipe\/\",\"url\":\"https:\/\/www.jacquesdechamplain.com\/en\/foundation\/notre-equipe\/\",\"name\":\"Our team - Fondation Jacques-de Champlain\",\"isPartOf\":{\"@id\":\"https:\/\/www.jacquesdechamplain.com\/#website\"},\"datePublished\":\"2017-04-18T18:33:01+00:00\",\"dateModified\":\"2022-09-16T20:51:12+00:00\",\"breadcrumb\":{\"@id\":\"https:\/\/www.jacquesdechamplain.com\/en\/foundation\/notre-equipe\/#breadcrumb\"},\"inLanguage\":\"en-US\",\"potentialAction\":[{\"@type\":\"ReadAction\",\"target\":[\"https:\/\/www.jacquesdechamplain.com\/en\/foundation\/notre-equipe\/\"]}]},{\"@type\":\"BreadcrumbList\",\"@id\":\"https:\/\/www.jacquesdechamplain.com\/en\/foundation\/notre-equipe\/#breadcrumb\",\"itemListElement\":[{\"@type\":\"ListItem\",\"position\":1,\"name\":\"Home\",\"item\":\"https:\/\/www.jacquesdechamplain.com\/en\/\"},{\"@type\":\"ListItem\",\"position\":2,\"name\":\"Foundation\",\"item\":\"https:\/\/www.jacquesdechamplain.com\/en\/foundation\/\"},{\"@type\":\"ListItem\",\"position\":3,\"name\":\"Our team\"}]},{\"@type\":\"WebSite\",\"@id\":\"https:\/\/www.jacquesdechamplain.com\/#website\",\"url\":\"https:\/\/www.jacquesdechamplain.com\/\",\"name\":\"Fondation Jacques-de Champlain\",\"description\":\"Un site utilisant WordPress\",\"potentialAction\":[{\"@type\":\"SearchAction\",\"target\":{\"@type\":\"EntryPoint\",\"urlTemplate\":\"https:\/\/www.jacquesdechamplain.com\/?s={search_term_string}\"},\"query-input\":{\"@type\":\"PropertyValueSpecification\",\"valueRequired\":true,\"valueName\":\"search_term_string\"}}],\"inLanguage\":\"en-US\"}]}<\/script>\n<!-- \/ Yoast SEO plugin. -->","yoast_head_json":{"title":"Our team - Fondation Jacques-de Champlain","robots":{"index":"index","follow":"follow","max-snippet":"max-snippet:-1","max-image-preview":"max-image-preview:large","max-video-preview":"max-video-preview:-1"},"canonical":"https:\/\/www.jacquesdechamplain.com\/en\/foundation\/notre-equipe\/","og_locale":"en_US","og_type":"article","og_title":"Our team - Fondation Jacques-de Champlain","og_description":"Board Members Dr. Fran\u00e7ois de Champlain President and Scientific Spokesperson Dr. Fran\u00e7ois de Champlain BEng, MD, MM, FRCPC Dr. Fran\u00e7ois de Champlain is one of Dr. Jacques de Champlain\u2019s sons. He has been the founding President of the Jacques de Champlain Foundation since 2009. Since 2003, Fran\u00e7ois has been working as an Emergency Physician and &hellip; Continued","og_url":"https:\/\/www.jacquesdechamplain.com\/en\/foundation\/notre-equipe\/","og_site_name":"Fondation Jacques-de Champlain","article_modified_time":"2022-09-16T20:51:12+00:00","twitter_card":"summary_large_image","schema":{"@context":"https:\/\/schema.org","@graph":[{"@type":"WebPage","@id":"https:\/\/www.jacquesdechamplain.com\/en\/foundation\/notre-equipe\/","url":"https:\/\/www.jacquesdechamplain.com\/en\/foundation\/notre-equipe\/","name":"Our team - Fondation Jacques-de Champlain","isPartOf":{"@id":"https:\/\/www.jacquesdechamplain.com\/#website"},"datePublished":"2017-04-18T18:33:01+00:00","dateModified":"2022-09-16T20:51:12+00:00","breadcrumb":{"@id":"https:\/\/www.jacquesdechamplain.com\/en\/foundation\/notre-equipe\/#breadcrumb"},"inLanguage":"en-US","potentialAction":[{"@type":"ReadAction","target":["https:\/\/www.jacquesdechamplain.com\/en\/foundation\/notre-equipe\/"]}]},{"@type":"BreadcrumbList","@id":"https:\/\/www.jacquesdechamplain.com\/en\/foundation\/notre-equipe\/#breadcrumb","itemListElement":[{"@type":"ListItem","position":1,"name":"Home","item":"https:\/\/www.jacquesdechamplain.com\/en\/"},{"@type":"ListItem","position":2,"name":"Foundation","item":"https:\/\/www.jacquesdechamplain.com\/en\/foundation\/"},{"@type":"ListItem","position":3,"name":"Our team"}]},{"@type":"WebSite","@id":"https:\/\/www.jacquesdechamplain.com\/#website","url":"https:\/\/www.jacquesdechamplain.com\/","name":"Fondation Jacques-de Champlain","description":"Un site utilisant WordPress","potentialAction":[{"@type":"SearchAction","target":{"@type":"EntryPoint","urlTemplate":"https:\/\/www.jacquesdechamplain.com\/?s={search_term_string}"},"query-input":{"@type":"PropertyValueSpecification","valueRequired":true,"valueName":"search_term_string"}}],"inLanguage":"en-US"}]}},"_links":{"self":[{"href":"https:\/\/www.jacquesdechamplain.com\/en\/wp-json\/wp\/v2\/pages\/739"}],"collection":[{"href":"https:\/\/www.jacquesdechamplain.com\/en\/wp-json\/wp\/v2\/pages"}],"about":[{"href":"https:\/\/www.jacquesdechamplain.com\/en\/wp-json\/wp\/v2\/types\/page"}],"author":[{"embeddable":true,"href":"https:\/\/www.jacquesdechamplain.com\/en\/wp-json\/wp\/v2\/users\/1"}],"replies":[{"embeddable":true,"href":"https:\/\/www.jacquesdechamplain.com\/en\/wp-json\/wp\/v2\/comments?post=739"}],"version-history":[{"count":13,"href":"https:\/\/www.jacquesdechamplain.com\/en\/wp-json\/wp\/v2\/pages\/739\/revisions"}],"predecessor-version":[{"id":4115,"href":"https:\/\/www.jacquesdechamplain.com\/en\/wp-json\/wp\/v2\/pages\/739\/revisions\/4115"}],"up":[{"embeddable":true,"href":"https:\/\/www.jacquesdechamplain.com\/en\/wp-json\/wp\/v2\/pages\/745"}],"wp:attachment":[{"href":"https:\/\/www.jacquesdechamplain.com\/en\/wp-json\/wp\/v2\/media?parent=739"}],"curies":[{"name":"wp","href":"https:\/\/api.w.org\/{rel}","templated":true}]}}